{"id":10084,"date":"2024-06-28T16:35:43","date_gmt":"2024-06-28T14:35:43","guid":{"rendered":"https:\/\/neu.wings-of-hope.de\/countries\/germany\/"},"modified":"2026-03-31T14:13:33","modified_gmt":"2026-03-31T12:13:33","slug":"deutschland","status":"publish","type":"page","link":"https:\/\/wings-of-hope.de\/en\/countries\/deutschland\/","title":{"rendered":"Germany"},"content":{"rendered":"<p><div class=\"fusion-fullwidth fullwidth-box fusion-builder-row-1 fusion-flex-container has-pattern-background has-mask-background nonhundred-percent-fullwidth non-hundred-percent-height-scrolling\" style=\"--awb-border-radius-top-left:0px;--awb-border-radius-top-right:0px;--awb-border-radius-bottom-right:0px;--awb-border-radius-bottom-left:0px;--awb-padding-top:0px;--awb-padding-bottom:0px;--awb-flex-wrap:wrap;\" ><div class=\"fusion-builder-row fusion-row fusion-flex-align-items-center fusion-flex-justify-content-space-between fusion-flex-content-wrap\" style=\"max-width:1248px;margin-left: calc(-4% \/ 2 );margin-right: calc(-4% \/ 2 );\"><div class=\"fusion-layout-column fusion_builder_column fusion-builder-column-0 fusion-flex-column teaser-spalte\" style=\"--awb-z-index:1000;--awb-bg-color:var(--awb-color2);--awb-bg-color-hover:var(--awb-color2);--awb-bg-size:cover;--awb-width-large:35%;--awb-margin-top-large:0px;--awb-spacing-right-large:-8.2285714285714%;--awb-margin-bottom-large:0px;--awb-spacing-left-large:5.4857142857143%;--awb-width-medium:40%;--awb-order-medium:0;--awb-spacing-right-medium:-14.4%;--awb-spacing-left-medium:4.8%;--awb-width-small:100%;--awb-order-small:2;--awb-margin-top-small:0;--awb-spacing-right-small:1.92%;--awb-spacing-left-small:1.92%;\"><div class=\"fusion-column-wrapper fusion-column-has-shadow fusion-flex-justify-content-center fusion-content-layout-column\"><div class=\"fusion-title title fusion-title-1 fusion-sep-none fusion-title-center fusion-title-text fusion-title-size-one\" style=\"--awb-text-color:var(--awb-color3);--awb-margin-top:10px;--awb-margin-right:0px;--awb-margin-bottom:0px;--awb-margin-left:0px;--awb-margin-top-small:10px;--awb-margin-right-small:0px;--awb-margin-bottom-small:0px;--awb-margin-left-small:0px;\"><h1 class=\"fusion-title-heading title-heading-center fusion-responsive-typography-calculated\" style=\"margin:0;text-transform:none;--fontSize:30;line-height:var(--awb-typography1-line-height);\">Germany<\/h1><\/div><div class=\"fusion-title title fusion-title-2 fusion-sep-none fusion-title-center fusion-title-text fusion-title-size-two\" style=\"--awb-text-color:var(--awb-color3);--awb-margin-top:2px;--awb-margin-right:0px;--awb-margin-bottom:8px;--awb-margin-left:0px;--awb-margin-top-small:2px;--awb-margin-right-small:0px;--awb-margin-left-small:0px;--awb-font-size:22px;\"><h2 class=\"fusion-title-heading title-heading-center fusion-responsive-typography-calculated\" style=\"font-family:&quot;Aventina Sans Light&quot;;font-style:normal;font-weight:400;margin:0;text-transform:none;font-size:1em;--fontSize:22;--minFontSize:22;line-height:var(--awb-typography2-line-height);\">Trauma and Diversity in a Pluralistic Society<\/h2><\/div><\/div><\/div><div class=\"fusion-layout-column fusion_builder_column fusion-builder-column-1 fusion-flex-column\" style=\"--awb-bg-size:cover;--awb-width-large:65%;--awb-margin-top-large:0px;--awb-spacing-right-large:0px;--awb-margin-bottom-large:0px;--awb-spacing-left-large:-2.5107692307692%;--awb-width-medium:60%;--awb-order-medium:0;--awb-spacing-right-medium:0px;--awb-spacing-left-medium:-3.04%;--awb-width-small:100%;--awb-order-small:0;--awb-spacing-right-small:1.92%;--awb-spacing-left-small:1.92%;\"><div class=\"fusion-column-wrapper fusion-column-has-shadow fusion-flex-justify-content-flex-start fusion-content-layout-column\"><div class=\"fusion-image-element \" style=\"text-align:center;--awb-aspect-ratio: 100 \/ 56;--awb-object-position:45% 21%;--awb-caption-title-font-family:var(--h2_typography-font-family);--awb-caption-title-font-weight:var(--h2_typography-font-weight);--awb-caption-title-font-style:var(--h2_typography-font-style);--awb-caption-title-size:var(--h2_typography-font-size);--awb-caption-title-transform:var(--h2_typography-text-transform);--awb-caption-title-line-height:var(--h2_typography-line-height);--awb-caption-title-letter-spacing:var(--h2_typography-letter-spacing);\"><span class=\" fusion-imageframe imageframe-none imageframe-1 hover-type-none has-aspect-ratio\"><img decoding=\"async\" width=\"1200\" height=\"675\" title=\"Labenbachhof\" src=\"https:\/\/wings-of-hope.de\/wp-content\/uploads\/2024\/07\/Labenbachhof.jpg\" class=\"img-responsive wp-image-9668 img-with-aspect-ratio disable-lazyload\" data-parent-fit=\"cover\" data-parent-container=\".fusion-image-element\" alt srcset=\"https:\/\/wings-of-hope.de\/wp-content\/uploads\/2024\/07\/Labenbachhof-200x113.jpg 200w, https:\/\/wings-of-hope.de\/wp-content\/uploads\/2024\/07\/Labenbachhof-400x225.jpg 400w, https:\/\/wings-of-hope.de\/wp-content\/uploads\/2024\/07\/Labenbachhof-600x338.jpg 600w, https:\/\/wings-of-hope.de\/wp-content\/uploads\/2024\/07\/Labenbachhof-800x450.jpg 800w, https:\/\/wings-of-hope.de\/wp-content\/uploads\/2024\/07\/Labenbachhof.jpg 1200w\" sizes=\"(max-width: 700px) 100vw, 800px\" \/><\/span><\/div><\/div><\/div><\/div><\/div><div class=\"fusion-fullwidth fullwidth-box fusion-builder-row-2 fusion-flex-container has-pattern-background has-mask-background nonhundred-percent-fullwidth non-hundred-percent-height-scrolling\" style=\"--awb-border-radius-top-left:0px;--awb-border-radius-top-right:0px;--awb-border-radius-bottom-right:0px;--awb-border-radius-bottom-left:0px;--awb-padding-top:50px;--awb-flex-wrap:wrap;\" ><div class=\"fusion-builder-row fusion-row fusion-flex-align-items-stretch fusion-flex-content-wrap\" style=\"max-width:1248px;margin-left: calc(-4% \/ 2 );margin-right: calc(-4% \/ 2 );\"><div class=\"fusion-layout-column fusion_builder_column fusion-builder-column-2 fusion-flex-column\" style=\"--awb-padding-top:10px;--awb-bg-size:cover;--awb-width-large:48%;--awb-margin-top-large:0px;--awb-spacing-right-large:4%;--awb-margin-bottom-large:0px;--awb-spacing-left-large:4%;--awb-width-medium:100%;--awb-order-medium:0;--awb-spacing-right-medium:1.92%;--awb-spacing-left-medium:1.92%;--awb-width-small:100%;--awb-order-small:0;--awb-spacing-right-small:1.92%;--awb-spacing-left-small:1.92%;\"><div class=\"fusion-column-wrapper fusion-column-has-shadow fusion-flex-justify-content-flex-start fusion-content-layout-column\"><div class=\"fusion-text fusion-text-1\"><p>By the end of 2023, around 385,000 refugees will have found refuge in Bavaria. More than half of them fled war and terror from Afghanistan, Syria and Iraq, and almost 180,000 fled Russia&#8217;s invasion of Ukraine. These terrible experiences leave their mark on body and soul. We also know from our work that many people have had to go <strong>through traumatic experiences again<\/strong> on the dangerous escape routes. <strong>Children and women<\/strong> are particularly at risk.<\/p>\n<p>There are also many people in Germany who have been severely traumatized by <strong>domestic or sexualized violence<\/strong>. In addition, studies show that children and young people were particularly affected by the restrictions during the coronavirus pandemic. The consequences include an increase in mental illnesses such as anxiety disorders and depression.<\/p>\n<p>All of these groups need appropriate psychological and trauma-therapeutic care as well as professionals and volunteers trained in dealing with them sensitively.<\/p>\n<\/div><\/div><\/div><div class=\"fusion-layout-column fusion_builder_column fusion-builder-column-3 fusion-flex-column rechte-spalte-2\" style=\"--awb-padding-right:2%;--awb-padding-bottom:10px;--awb-padding-left:2%;--awb-bg-color:var(--awb-color2);--awb-bg-color-hover:var(--awb-color2);--awb-bg-size:cover;--awb-width-large:52%;--awb-margin-top-large:0px;--awb-spacing-right-large:3.6923076923077%;--awb-margin-bottom-large:0px;--awb-spacing-left-large:3.6923076923077%;--awb-width-medium:100%;--awb-order-medium:0;--awb-margin-top-medium:20px;--awb-spacing-right-medium:1.92%;--awb-spacing-left-medium:1.92%;--awb-width-small:100%;--awb-order-small:0;--awb-margin-top-small:15px;--awb-spacing-right-small:1.92%;--awb-spacing-left-small:1.92%;\"><div class=\"fusion-column-wrapper fusion-column-has-shadow fusion-flex-justify-content-flex-start fusion-content-layout-column\"><div class=\"fusion-title title fusion-title-3 fusion-sep-none fusion-title-center fusion-title-text fusion-title-size-three\" style=\"--awb-text-color:var(--awb-color3);--awb-margin-right:0px;--awb-margin-bottom:0px;--awb-margin-left:0px;--awb-margin-right-small:0px;--awb-margin-left-small:0px;\"><h3 class=\"fusion-title-heading title-heading-center fusion-responsive-typography-calculated\" style=\"margin:0;text-transform:none;--fontSize:22;--minFontSize:22;line-height:var(--awb-typography2-line-height);\">Contact Us<\/h3><\/div><div class=\"fusion-builder-row fusion-builder-row-inner fusion-row fusion-flex-align-items-stretch fusion-flex-content-wrap\" style=\"width:104% !important;max-width:104% !important;margin-left: calc(-4% \/ 2 );margin-right: calc(-4% \/ 2 );\"><div class=\"fusion-layout-column fusion_builder_column_inner fusion-builder-nested-column-0 fusion_builder_column_inner_1_2 1_2 fusion-flex-column\" style=\"--awb-bg-size:cover;--awb-width-large:50%;--awb-margin-top-large:0px;--awb-spacing-right-large:3.84%;--awb-margin-bottom-large:0px;--awb-spacing-left-large:3.84%;--awb-width-medium:50%;--awb-order-medium:0;--awb-spacing-right-medium:3.84%;--awb-spacing-left-medium:3.84%;--awb-width-small:100%;--awb-order-small:0;--awb-spacing-right-small:1.92%;--awb-spacing-left-small:1.92%;\"><div class=\"fusion-column-wrapper fusion-column-has-shadow fusion-flex-justify-content-flex-start fusion-content-layout-column\"><div class=\"fusion-image-element \" style=\"text-align:center;--awb-margin-bottom:15px;--awb-max-width:200px;--awb-caption-title-font-family:var(--h2_typography-font-family);--awb-caption-title-font-weight:var(--h2_typography-font-weight);--awb-caption-title-font-style:var(--h2_typography-font-style);--awb-caption-title-size:var(--h2_typography-font-size);--awb-caption-title-transform:var(--h2_typography-text-transform);--awb-caption-title-line-height:var(--h2_typography-line-height);--awb-caption-title-letter-spacing:var(--h2_typography-letter-spacing);\"><span class=\" fusion-imageframe imageframe-none imageframe-2 hover-type-none\" style=\"border-radius:180px;\"><img decoding=\"async\" width=\"700\" height=\"700\" title=\"Lucija Luki\u0107 Holjan 3b\" src=\"https:\/\/wings-of-hope.de\/wp-content\/uploads\/2025\/04\/Lucija-Lukic-Holjan-3b.jpg\" alt class=\"img-responsive wp-image-12284 disable-lazyload\" srcset=\"https:\/\/wings-of-hope.de\/wp-content\/uploads\/2025\/04\/Lucija-Lukic-Holjan-3b-200x200.jpg 200w, https:\/\/wings-of-hope.de\/wp-content\/uploads\/2025\/04\/Lucija-Lukic-Holjan-3b-400x400.jpg 400w, https:\/\/wings-of-hope.de\/wp-content\/uploads\/2025\/04\/Lucija-Lukic-Holjan-3b-600x600.jpg 600w, https:\/\/wings-of-hope.de\/wp-content\/uploads\/2025\/04\/Lucija-Lukic-Holjan-3b.jpg 700w\" sizes=\"(max-width: 700px) 100vw, 600px\" \/><\/span><\/div><div class=\"fusion-text fusion-text-2\" style=\"--awb-text-color:var(--awb-color3);\"><p><strong>Lucija Luki\u0107 Holjan<\/strong><\/p>\n<p>Projects in Germany<\/p>\n<p><a href=\"mailto:lucija.lukicholjan@wings-of-hope.de\">lucija.lukicholjan@wings-of-hope.de<\/a><\/p>\n<p>Phone: <a href=\"tel:+4986634199944\">+49 8663 419 99 44<\/a><\/p>\n<\/div><\/div><\/div><div class=\"fusion-layout-column fusion_builder_column_inner fusion-builder-nested-column-1 fusion_builder_column_inner_1_2 1_2 fusion-flex-column\" style=\"--awb-bg-size:cover;--awb-width-large:50%;--awb-margin-top-large:0px;--awb-spacing-right-large:3.84%;--awb-margin-bottom-large:0px;--awb-spacing-left-large:3.84%;--awb-width-medium:50%;--awb-order-medium:0;--awb-spacing-right-medium:3.84%;--awb-spacing-left-medium:3.84%;--awb-width-small:100%;--awb-order-small:0;--awb-spacing-right-small:1.92%;--awb-spacing-left-small:1.92%;\"><div class=\"fusion-column-wrapper fusion-column-has-shadow fusion-flex-justify-content-flex-start fusion-content-layout-column\"><div class=\"fusion-image-element \" style=\"text-align:center;--awb-margin-bottom:15px;--awb-max-width:200px;--awb-caption-title-font-family:var(--h2_typography-font-family);--awb-caption-title-font-weight:var(--h2_typography-font-weight);--awb-caption-title-font-style:var(--h2_typography-font-style);--awb-caption-title-size:var(--h2_typography-font-size);--awb-caption-title-transform:var(--h2_typography-text-transform);--awb-caption-title-line-height:var(--h2_typography-line-height);--awb-caption-title-letter-spacing:var(--h2_typography-letter-spacing);\"><span class=\" fusion-imageframe imageframe-none imageframe-3 hover-type-none\" style=\"border-radius:180px;\"><img decoding=\"async\" width=\"797\" height=\"797\" title=\"Regina Miehling\" src=\"https:\/\/wings-of-hope.de\/wp-content\/uploads\/2024\/07\/Regina-Miehling.jpg\" alt class=\"img-responsive wp-image-9669 disable-lazyload\" srcset=\"https:\/\/wings-of-hope.de\/wp-content\/uploads\/2024\/07\/Regina-Miehling-200x200.jpg 200w, https:\/\/wings-of-hope.de\/wp-content\/uploads\/2024\/07\/Regina-Miehling-400x400.jpg 400w, https:\/\/wings-of-hope.de\/wp-content\/uploads\/2024\/07\/Regina-Miehling-600x600.jpg 600w, https:\/\/wings-of-hope.de\/wp-content\/uploads\/2024\/07\/Regina-Miehling.jpg 797w\" sizes=\"(max-width: 700px) 100vw, 600px\" \/><\/span><\/div><div class=\"fusion-text fusion-text-3\" style=\"--awb-text-color:var(--awb-color3);\"><p><strong>Regina Miehling<\/strong><\/p>\n<p>Projects in Germany, Seminars and Trainings<\/p>\n<p><a href=\"mailto:regina.miehling@wings-of-hope.de\" target=\"_blank\" rel=\"noopener\">regina.miehling@wings-of-hope.de<\/a><\/p>\n<p>Phone: <a href=\"tel:+499112142370\">+49 911 21 42 370<\/a><\/p>\n<\/div><\/div><\/div><\/div><\/div><\/div><\/div><\/div><div class=\"fusion-fullwidth fullwidth-box fusion-builder-row-3 fusion-flex-container has-pattern-background has-mask-background nonhundred-percent-fullwidth non-hundred-percent-height-scrolling\" style=\"--awb-border-radius-top-left:0px;--awb-border-radius-top-right:0px;--awb-border-radius-bottom-right:0px;--awb-border-radius-bottom-left:0px;--awb-padding-bottom:20px;--awb-background-color:var(--awb-custom_color_2);--awb-flex-wrap:wrap;\" ><div class=\"fusion-builder-row fusion-row fusion-flex-align-items-stretch fusion-flex-content-wrap\" style=\"max-width:1248px;margin-left: calc(-4% \/ 2 );margin-right: calc(-4% \/ 2 );\"><div class=\"fusion-layout-column fusion_builder_column fusion-builder-column-4 fusion_builder_column_1_1 1_1 fusion-flex-column\" style=\"--awb-bg-size:cover;--awb-width-large:100%;--awb-margin-top-large:0px;--awb-spacing-right-large:1.92%;--awb-margin-bottom-large:0px;--awb-spacing-left-large:1.92%;--awb-width-medium:100%;--awb-order-medium:0;--awb-spacing-right-medium:1.92%;--awb-spacing-left-medium:1.92%;--awb-width-small:100%;--awb-order-small:0;--awb-spacing-right-small:1.92%;--awb-spacing-left-small:1.92%;\"><div class=\"fusion-column-wrapper fusion-column-has-shadow fusion-flex-justify-content-flex-start fusion-content-layout-column\"><div class=\"fusion-title title fusion-title-4 fusion-sep-none fusion-title-center fusion-title-text fusion-title-size-two\" style=\"--awb-margin-top:0px;--awb-margin-right:0px;--awb-margin-bottom:30px;--awb-margin-left:0px;--awb-margin-right-small:0px;--awb-margin-left-small:0px;\"><h2 class=\"fusion-title-heading title-heading-center fusion-responsive-typography-calculated\" style=\"margin:0;text-transform:none;--fontSize:26;line-height:var(--awb-typography2-line-height);\">Our Partner Organizations<\/h2><\/div><\/div><\/div><div class=\"fusion-layout-column fusion_builder_column fusion-builder-column-5 fusion_builder_column_1_3 1_3 fusion-flex-column\" style=\"--awb-bg-size:cover;--awb-width-large:33.333333333333%;--awb-margin-top-large:15px;--awb-spacing-right-large:5.76%;--awb-margin-bottom-large:15px;--awb-spacing-left-large:5.76%;--awb-width-medium:50%;--awb-order-medium:0;--awb-spacing-right-medium:3.84%;--awb-spacing-left-medium:3.84%;--awb-width-small:100%;--awb-order-small:0;--awb-spacing-right-small:1.92%;--awb-spacing-left-small:1.92%;\" data-scroll-devices=\"small-visibility,medium-visibility,large-visibility\"><div class=\"fusion-column-wrapper fusion-column-has-shadow fusion-flex-justify-content-flex-start fusion-content-layout-column\"><div class=\"fusion-text fusion-text-4\"><p><a href=\"https:\/\/www.ass-institut.de\/\" target=\"_blank\" rel=\"noopener\"><strong>ASS Institute for Taijiquan, Qigong and Martial Arts<\/strong><\/a><\/p>\n<p>Das ASS Institut f\u00fcr Taijiquan, Qigong und Kampfkunst setzt gemeinsam mit uns die Weiterbildung zum Thema traumasensible K\u00f6rperarbeit um.<\/p>\n<\/div><\/div><\/div><div class=\"fusion-layout-column fusion_builder_column fusion-builder-column-6 fusion_builder_column_1_3 1_3 fusion-flex-column\" style=\"--awb-bg-size:cover;--awb-width-large:33.333333333333%;--awb-margin-top-large:15px;--awb-spacing-right-large:5.76%;--awb-margin-bottom-large:15px;--awb-spacing-left-large:5.76%;--awb-width-medium:50%;--awb-order-medium:0;--awb-spacing-right-medium:3.84%;--awb-spacing-left-medium:3.84%;--awb-width-small:100%;--awb-order-small:0;--awb-spacing-right-small:1.92%;--awb-spacing-left-small:1.92%;\" data-scroll-devices=\"small-visibility,medium-visibility,large-visibility\"><div class=\"fusion-column-wrapper fusion-column-has-shadow fusion-flex-justify-content-flex-start fusion-content-layout-column\"><div class=\"fusion-text fusion-text-5\"><p><a href=\"https:\/\/christusbruderschaft.de\/de\/\" target=\"_blank\" rel=\"noopener\"><strong>Communit\u00e4t Christusbruderschaft Selbitz<\/strong><\/a><\/p>\n<p>Together with the Christusbruderschaft Selbitz community, we organize training courses on trauma and pastoral care for people in pastoral care professions.<\/p>\n<\/div><\/div><\/div><div class=\"fusion-layout-column fusion_builder_column fusion-builder-column-7 fusion_builder_column_1_3 1_3 fusion-flex-column\" style=\"--awb-bg-size:cover;--awb-width-large:33.333333333333%;--awb-margin-top-large:15px;--awb-spacing-right-large:5.76%;--awb-margin-bottom-large:15px;--awb-spacing-left-large:5.76%;--awb-width-medium:50%;--awb-order-medium:0;--awb-spacing-right-medium:3.84%;--awb-spacing-left-medium:3.84%;--awb-width-small:100%;--awb-order-small:0;--awb-spacing-right-small:1.92%;--awb-spacing-left-small:1.92%;\" data-scroll-devices=\"small-visibility,medium-visibility,large-visibility\"><div class=\"fusion-column-wrapper fusion-column-has-shadow fusion-flex-justify-content-flex-start fusion-content-layout-column\"><div class=\"fusion-text fusion-text-6\"><p><strong><a href=\"https:\/\/www.diakonie-bayern.de\/\" target=\"_blank\" rel=\"noopener\">Diakonisches Werk Bayern<\/a> <\/strong><\/p>\n<p>Together with Diakonisches Werk Bayern, we are implementing an EU-funded project to improve psychosocial care for refugees in Bavaria.<\/p>\n<\/div><\/div><\/div><div class=\"fusion-layout-column fusion_builder_column fusion-builder-column-8 fusion_builder_column_1_3 1_3 fusion-flex-column\" style=\"--awb-bg-size:cover;--awb-width-large:33.333333333333%;--awb-margin-top-large:15px;--awb-spacing-right-large:5.76%;--awb-margin-bottom-large:15px;--awb-spacing-left-large:5.76%;--awb-width-medium:50%;--awb-order-medium:0;--awb-spacing-right-medium:3.84%;--awb-spacing-left-medium:3.84%;--awb-width-small:100%;--awb-order-small:0;--awb-spacing-right-small:1.92%;--awb-spacing-left-small:1.92%;\" data-scroll-devices=\"small-visibility,medium-visibility,large-visibility\"><div class=\"fusion-column-wrapper fusion-column-has-shadow fusion-flex-justify-content-flex-start fusion-content-layout-column\"><div class=\"fusion-text fusion-text-7\"><p><a href=\"https:\/\/www.ejn.de\/\" target=\"_blank\" rel=\"noopener\"><strong>Protestant Youth Nuremberg<\/strong><\/a><\/p>\n<p>Die Evangelische Jugend N\u00fcrnberg stellt uns R\u00e4umlichkeiten und Infrastruktur im Haus eckstein in N\u00fcrnberg zur Verf\u00fcgung.<\/p>\n<\/div><\/div><\/div><div class=\"fusion-layout-column fusion_builder_column fusion-builder-column-9 fusion_builder_column_1_3 1_3 fusion-flex-column\" style=\"--awb-bg-size:cover;--awb-width-large:33.333333333333%;--awb-margin-top-large:15px;--awb-spacing-right-large:5.76%;--awb-margin-bottom-large:15px;--awb-spacing-left-large:5.76%;--awb-width-medium:50%;--awb-order-medium:0;--awb-spacing-right-medium:3.84%;--awb-spacing-left-medium:3.84%;--awb-width-small:100%;--awb-order-small:0;--awb-spacing-right-small:1.92%;--awb-spacing-left-small:1.92%;\" data-scroll-devices=\"small-visibility,medium-visibility,large-visibility\"><div class=\"fusion-column-wrapper fusion-column-has-shadow fusion-flex-justify-content-flex-start fusion-content-layout-column\"><div class=\"fusion-text fusion-text-8\"><p><a href=\"https:\/\/www.evangelisches-migrationszentrum.de\/\" target=\"_blank\" rel=\"noopener\"><strong>Protestant Migration Center in Munich<\/strong><\/a><\/p>\n<p>The Protestant Migration Centre and we jointly use the rooms in the Greek House in Munich and organize events together.<\/p>\n<p>&nbsp;<\/p>\n<\/div><\/div><\/div><div class=\"fusion-layout-column fusion_builder_column fusion-builder-column-10 fusion_builder_column_1_3 1_3 fusion-flex-column\" style=\"--awb-bg-size:cover;--awb-width-large:33.333333333333%;--awb-margin-top-large:15px;--awb-spacing-right-large:5.76%;--awb-margin-bottom-large:15px;--awb-spacing-left-large:5.76%;--awb-width-medium:50%;--awb-order-medium:0;--awb-spacing-right-medium:3.84%;--awb-spacing-left-medium:3.84%;--awb-width-small:100%;--awb-order-small:0;--awb-spacing-right-small:1.92%;--awb-spacing-left-small:1.92%;\"><div class=\"fusion-column-wrapper fusion-column-has-shadow fusion-flex-justify-content-flex-start fusion-content-layout-column\"><div class=\"fusion-text fusion-text-9\"><p><strong><a href=\"https:\/\/juno-munich.org\/\" target=\"_blank\" rel=\"noopener\">JUNO &#8211; A Voice for Refugee Women (Verein f\u00fcr Fraueninteressen e.V.)<\/a><\/strong><\/p>\n<p>JUNO supports our stabilization program for refugee women and children by providing premises in Munich and through public relations work for our project.<\/p>\n<\/div><\/div><\/div><div class=\"fusion-layout-column fusion_builder_column fusion-builder-column-11 fusion_builder_column_1_3 1_3 fusion-flex-column\" style=\"--awb-bg-size:cover;--awb-width-large:33.333333333333%;--awb-margin-top-large:15px;--awb-spacing-right-large:5.76%;--awb-margin-bottom-large:15px;--awb-spacing-left-large:5.76%;--awb-width-medium:50%;--awb-order-medium:0;--awb-spacing-right-medium:3.84%;--awb-spacing-left-medium:3.84%;--awb-width-small:100%;--awb-order-small:0;--awb-spacing-right-small:1.92%;--awb-spacing-left-small:1.92%;\"><div class=\"fusion-column-wrapper fusion-column-has-shadow fusion-flex-justify-content-flex-start fusion-content-layout-column\"><div class=\"fusion-text fusion-text-10\"><p><strong>Praxisinstitut Klentzan f\u00fcr Traumaorientierte Seelsorge und Lebenshilfe GmbH<\/strong><\/p>\n<p>Peter Klentzan is a retired deacon, trauma therapist, trauma consultant and trauma pedagogical expert (DeGPT), teaching therapist and supervisor (zptn) as well as a partner for our professional trainings in Germany and abroad.<\/p>\n<\/div><\/div><\/div><div class=\"fusion-layout-column fusion_builder_column fusion-builder-column-12 fusion_builder_column_1_3 1_3 fusion-flex-column\" style=\"--awb-bg-size:cover;--awb-width-large:33.333333333333%;--awb-margin-top-large:15px;--awb-spacing-right-large:5.76%;--awb-margin-bottom-large:15px;--awb-spacing-left-large:5.76%;--awb-width-medium:50%;--awb-order-medium:0;--awb-spacing-right-medium:3.84%;--awb-spacing-left-medium:3.84%;--awb-width-small:100%;--awb-order-small:0;--awb-spacing-right-small:1.92%;--awb-spacing-left-small:1.92%;\"><div class=\"fusion-column-wrapper fusion-column-has-shadow fusion-flex-justify-content-flex-start fusion-content-layout-column\"><div class=\"fusion-text fusion-text-11\"><p><a href=\"https:\/\/www.zptn.de\/\" target=\"_blank\" rel=\"noopener\"><strong>Center for Psychotraumatology and Trauma Therapy Lower Saxony<\/strong><\/a><\/p>\n<p>We have been conducting our professional training courses together with the zptn for many years. Es geh\u00f6rt zu den von der Deutschsprachigen Gesellschaft f\u00fcr Psychotraumatologie (DeGPT) anerkannten Fortbildungsinstituten f\u00fcr Spezielle Psychotraumatherapie sowie Traumap\u00e4dagogik und Traumazentrierte Fachberatung.<\/p>\n<\/div><\/div><\/div><\/div><\/div><div id=\"professional training-trauma\" class=\"fusion-container-anchor\"><div class=\"fusion-fullwidth fullwidth-box fusion-builder-row-4 fusion-flex-container has-pattern-background has-mask-background nonhundred-percent-fullwidth non-hundred-percent-height-scrolling angebot\" style=\"--awb-border-radius-top-left:0px;--awb-border-radius-top-right:0px;--awb-border-radius-bottom-right:0px;--awb-border-radius-bottom-left:0px;--awb-flex-wrap:wrap;\" ><div class=\"fusion-builder-row fusion-row fusion-flex-align-items-flex-start fusion-flex-content-wrap\" style=\"max-width:1248px;margin-left: calc(-4% \/ 2 );margin-right: calc(-4% \/ 2 );\"><div class=\"fusion-layout-column fusion_builder_column fusion-builder-column-13 fusion_builder_column_1_2 1_2 fusion-flex-column\" style=\"--awb-bg-size:cover;--awb-width-large:50%;--awb-margin-top-large:0px;--awb-spacing-right-large:3.84%;--awb-margin-bottom-large:0px;--awb-spacing-left-large:3.84%;--awb-width-medium:50%;--awb-order-medium:0;--awb-spacing-right-medium:3.84%;--awb-spacing-left-medium:3.84%;--awb-width-small:100%;--awb-order-small:0;--awb-spacing-right-small:1.92%;--awb-spacing-left-small:1.92%;\"><div class=\"fusion-column-wrapper fusion-column-has-shadow fusion-flex-justify-content-flex-start fusion-content-layout-column\"><div class=\"fusion-title title fusion-title-5 fusion-sep-none fusion-title-text fusion-title-size-two\" style=\"--awb-margin-right:0px;--awb-margin-left:0px;--awb-margin-right-small:0px;--awb-margin-left-small:0px;\"><h2 class=\"fusion-title-heading title-heading-left fusion-responsive-typography-calculated\" style=\"margin:0;text-transform:none;--fontSize:26;line-height:var(--awb-typography2-line-height);\">Our Projects<\/h2><\/div><div class=\"fusion-text fusion-text-12\"><p>In Germany, we are involved in all four areas of work:<\/p>\n<ul>\n<li><a href=\"https:\/\/wings-of-hope.de\/en\/programs\/seminars-and-professional-training\/professional-training\/\" rel=\"noopener\">Professional training and seminars<\/a><\/li>\n<li><a href=\"https:\/\/wings-of-hope.de\/en\/programs\/counseling-and-therapy\/trauma-counseling-and-therapy-overview\/\" rel=\"noopener\">Trauma therapy and counseling<\/a><\/li>\n<li><a href=\"https:\/\/wings-of-hope.de\/en\/programs\/peace-building-and-dialogue\/summer-academy-for-intercultural-dialogue\/\" rel=\"noopener\">Summer Academy for Intercultural Dialogue<\/a><\/li>\n<li><a href=\"https:\/\/wings-of-hope.de\/en\/programs\/advocacy\/advocacy-overview\/\" rel=\"noopener\">Education about the consequences of violence<\/a><\/li>\n<\/ul>\n<\/div><div ><a class=\"fusion-button button-flat fusion-button-default-size button-default fusion-button-default button-1 fusion-button-default-span fusion-button-default-type\" style=\"--button_margin-top:20px;\" target=\"_self\" href=\"https:\/\/wings-of-hope.de\/en\/countries\/country-overview\/\"><span class=\"fusion-button-text awb-button__text awb-button__text--default\">To the Country Overview<\/span><\/a><\/div><\/div><\/div><div class=\"fusion-layout-column fusion_builder_column fusion-builder-column-14 fusion_builder_column_1_2 1_2 fusion-flex-column\" style=\"--awb-bg-size:cover;--awb-width-large:50%;--awb-margin-top-large:0px;--awb-spacing-right-large:3.84%;--awb-margin-bottom-large:0px;--awb-spacing-left-large:3.84%;--awb-width-medium:50%;--awb-order-medium:0;--awb-spacing-right-medium:3.84%;--awb-spacing-left-medium:3.84%;--awb-width-small:100%;--awb-order-small:0;--awb-margin-top-small:20px;--awb-spacing-right-small:1.92%;--awb-spacing-left-small:1.92%;\"><div class=\"fusion-column-wrapper fusion-column-has-shadow fusion-flex-justify-content-flex-start fusion-content-layout-column\"><div class=\"fusion-image-element \" style=\"--awb-caption-title-font-family:var(--h2_typography-font-family);--awb-caption-title-font-weight:var(--h2_typography-font-weight);--awb-caption-title-font-style:var(--h2_typography-font-style);--awb-caption-title-size:var(--h2_typography-font-size);--awb-caption-title-transform:var(--h2_typography-text-transform);--awb-caption-title-line-height:var(--h2_typography-line-height);--awb-caption-title-letter-spacing:var(--h2_typography-letter-spacing);\"><span class=\" fusion-imageframe imageframe-none imageframe-4 hover-type-none\"><img decoding=\"async\" width=\"1200\" height=\"674\" title=\"Wings of Hope Germany (1)\" src=\"https:\/\/wings-of-hope.de\/wp-content\/uploads\/2024\/07\/Wings-of-Hope-Deutschland-1.jpg\" data-orig-src=\"https:\/\/wings-of-hope.de\/wp-content\/uploads\/2024\/07\/Wings-of-Hope-Deutschland-1.jpg\" alt class=\"lazyload img-responsive wp-image-9673\" srcset=\"data:image\/svg+xml,%3Csvg%20xmlns%3D%27http%3A%2F%2Fwww.w3.org%2F2000%2Fsvg%27%20width%3D%271200%27%20height%3D%27674%27%20viewBox%3D%270%200%201200%20674%27%3E%3Crect%20width%3D%271200%27%20height%3D%27674%27%20fill-opacity%3D%220%22%2F%3E%3C%2Fsvg%3E\" data-srcset=\"https:\/\/wings-of-hope.de\/wp-content\/uploads\/2024\/07\/Wings-of-Hope-Deutschland-1-200x112.jpg 200w, https:\/\/wings-of-hope.de\/wp-content\/uploads\/2024\/07\/Wings-of-Hope-Deutschland-1-400x225.jpg 400w, https:\/\/wings-of-hope.de\/wp-content\/uploads\/2024\/07\/Wings-of-Hope-Deutschland-1-600x337.jpg 600w, https:\/\/wings-of-hope.de\/wp-content\/uploads\/2024\/07\/Wings-of-Hope-Deutschland-1-800x449.jpg 800w, https:\/\/wings-of-hope.de\/wp-content\/uploads\/2024\/07\/Wings-of-Hope-Deutschland-1.jpg 1200w\" data-sizes=\"auto\" data-orig-sizes=\"(max-width: 700px) 100vw, 600px\" \/><\/span><\/div><\/div><\/div><\/div><\/div><\/div><\/p>\n","protected":false},"excerpt":{"rendered":"","protected":false},"author":1,"featured_media":0,"parent":9887,"menu_order":49,"comment_status":"closed","ping_status":"closed","template":"100-width.php","meta":{"footnotes":""},"class_list":["post-10084","page","type-page","status-publish","hentry"],"yoast_head":"<!-- This site is optimized with the Yoast SEO plugin v27.5 - https:\/\/yoast.com\/product\/yoast-seo-wordpress\/ -->\n<title>Germany | Stiftung Wings of Hope<\/title>\n<meta name=\"description\" content=\"Our seminar house in the Bavarian Alps. Seminars and events in the Bavarian Alps.\" \/>\n<meta name=\"robots\" content=\"index, follow, max-snippet:-1, max-image-preview:large, max-video-preview:-1\" \/>\n<link rel=\"canonical\" href=\"https:\/\/wings-of-hope.de\/en\/countries\/deutschland\/\" \/>\n<meta property=\"og:locale\" content=\"en_US\" \/>\n<meta property=\"og:type\" content=\"article\" \/>\n<meta property=\"og:title\" content=\"Germany | Stiftung Wings of Hope\" \/>\n<meta property=\"og:description\" content=\"Our seminar house in the Bavarian Alps. Seminars and events in the Bavarian Alps.\" \/>\n<meta property=\"og:url\" content=\"https:\/\/wings-of-hope.de\/en\/countries\/deutschland\/\" \/>\n<meta property=\"og:site_name\" content=\"Stiftung Wings of Hope\" \/>\n<meta property=\"article:modified_time\" content=\"2026-03-31T12:13:33+00:00\" \/>\n<meta name=\"twitter:card\" content=\"summary_large_image\" \/>\n<meta name=\"twitter:site\" content=\"@wingsofhope_de\" \/>\n<meta name=\"twitter:label1\" content=\"Est. reading time\" \/>\n\t<meta name=\"twitter:data1\" content=\"37 minutes\" \/>\n<script type=\"application\/ld+json\" class=\"yoast-schema-graph\">{\"@context\":\"https:\\\/\\\/schema.org\",\"@graph\":[{\"@type\":\"WebPage\",\"@id\":\"https:\\\/\\\/wings-of-hope.de\\\/en\\\/countries\\\/deutschland\\\/\",\"url\":\"https:\\\/\\\/wings-of-hope.de\\\/en\\\/countries\\\/deutschland\\\/\",\"name\":\"Germany | Stiftung Wings of Hope\",\"isPartOf\":{\"@id\":\"https:\\\/\\\/wings-of-hope.de\\\/en\\\/#website\"},\"datePublished\":\"2024-06-28T14:35:43+00:00\",\"dateModified\":\"2026-03-31T12:13:33+00:00\",\"description\":\"Our seminar house in the Bavarian Alps. Seminars and events in the Bavarian Alps.\",\"breadcrumb\":{\"@id\":\"https:\\\/\\\/wings-of-hope.de\\\/en\\\/countries\\\/deutschland\\\/#breadcrumb\"},\"inLanguage\":\"en-US\",\"potentialAction\":[{\"@type\":\"ReadAction\",\"target\":[\"https:\\\/\\\/wings-of-hope.de\\\/en\\\/countries\\\/deutschland\\\/\"]}]},{\"@type\":\"BreadcrumbList\",\"@id\":\"https:\\\/\\\/wings-of-hope.de\\\/en\\\/countries\\\/deutschland\\\/#breadcrumb\",\"itemListElement\":[{\"@type\":\"ListItem\",\"position\":1,\"name\":\"Startseite\",\"item\":\"https:\\\/\\\/wings-of-hope.de\\\/en\\\/\"},{\"@type\":\"ListItem\",\"position\":2,\"name\":\"Countries\",\"item\":\"https:\\\/\\\/wings-of-hope.de\\\/en\\\/countries\\\/\"},{\"@type\":\"ListItem\",\"position\":3,\"name\":\"Germany\"}]},{\"@type\":\"WebSite\",\"@id\":\"https:\\\/\\\/wings-of-hope.de\\\/en\\\/#website\",\"url\":\"https:\\\/\\\/wings-of-hope.de\\\/en\\\/\",\"name\":\"Stiftung Wings of Hope\",\"description\":\"\",\"publisher\":{\"@id\":\"https:\\\/\\\/wings-of-hope.de\\\/en\\\/#organization\"},\"potentialAction\":[{\"@type\":\"SearchAction\",\"target\":{\"@type\":\"EntryPoint\",\"urlTemplate\":\"https:\\\/\\\/wings-of-hope.de\\\/en\\\/?s={search_term_string}\"},\"query-input\":{\"@type\":\"PropertyValueSpecification\",\"valueRequired\":true,\"valueName\":\"search_term_string\"}}],\"inLanguage\":\"en-US\"},{\"@type\":\"Organization\",\"@id\":\"https:\\\/\\\/wings-of-hope.de\\\/en\\\/#organization\",\"name\":\"Stiftung Wings of Hope Deutschland\",\"url\":\"https:\\\/\\\/wings-of-hope.de\\\/en\\\/\",\"logo\":{\"@type\":\"ImageObject\",\"inLanguage\":\"en-US\",\"@id\":\"https:\\\/\\\/wings-of-hope.de\\\/en\\\/#\\\/schema\\\/logo\\\/image\\\/\",\"url\":\"\",\"contentUrl\":\"\",\"caption\":\"Stiftung Wings of Hope Deutschland\"},\"image\":{\"@id\":\"https:\\\/\\\/wings-of-hope.de\\\/en\\\/#\\\/schema\\\/logo\\\/image\\\/\"},\"sameAs\":[\"https:\\\/\\\/x.com\\\/wingsofhope_de\",\"https:\\\/\\\/www.instagram.com\\\/wingsofhope_de\\\/\",\"https:\\\/\\\/www.linkedin.com\\\/company\\\/stiftung-wings-of-hope\\\/\",\"https:\\\/\\\/www.threads.net\\\/@wingsofhope_de\"]}]}<\/script>\n<!-- \/ Yoast SEO plugin. -->","yoast_head_json":{"title":"Germany | Stiftung Wings of Hope","description":"Our seminar house in the Bavarian Alps. Seminars and events in the Bavarian Alps.","robots":{"index":"index","follow":"follow","max-snippet":"max-snippet:-1","max-image-preview":"max-image-preview:large","max-video-preview":"max-video-preview:-1"},"canonical":"https:\/\/wings-of-hope.de\/en\/countries\/deutschland\/","og_locale":"en_US","og_type":"article","og_title":"Germany | Stiftung Wings of Hope","og_description":"Our seminar house in the Bavarian Alps. Seminars and events in the Bavarian Alps.","og_url":"https:\/\/wings-of-hope.de\/en\/countries\/deutschland\/","og_site_name":"Stiftung Wings of Hope","article_modified_time":"2026-03-31T12:13:33+00:00","twitter_card":"summary_large_image","twitter_site":"@wingsofhope_de","twitter_misc":{"Est. reading time":"37 minutes"},"schema":{"@context":"https:\/\/schema.org","@graph":[{"@type":"WebPage","@id":"https:\/\/wings-of-hope.de\/en\/countries\/deutschland\/","url":"https:\/\/wings-of-hope.de\/en\/countries\/deutschland\/","name":"Germany | Stiftung Wings of Hope","isPartOf":{"@id":"https:\/\/wings-of-hope.de\/en\/#website"},"datePublished":"2024-06-28T14:35:43+00:00","dateModified":"2026-03-31T12:13:33+00:00","description":"Our seminar house in the Bavarian Alps. Seminars and events in the Bavarian Alps.","breadcrumb":{"@id":"https:\/\/wings-of-hope.de\/en\/countries\/deutschland\/#breadcrumb"},"inLanguage":"en-US","potentialAction":[{"@type":"ReadAction","target":["https:\/\/wings-of-hope.de\/en\/countries\/deutschland\/"]}]},{"@type":"BreadcrumbList","@id":"https:\/\/wings-of-hope.de\/en\/countries\/deutschland\/#breadcrumb","itemListElement":[{"@type":"ListItem","position":1,"name":"Startseite","item":"https:\/\/wings-of-hope.de\/en\/"},{"@type":"ListItem","position":2,"name":"Countries","item":"https:\/\/wings-of-hope.de\/en\/countries\/"},{"@type":"ListItem","position":3,"name":"Germany"}]},{"@type":"WebSite","@id":"https:\/\/wings-of-hope.de\/en\/#website","url":"https:\/\/wings-of-hope.de\/en\/","name":"Stiftung Wings of Hope","description":"","publisher":{"@id":"https:\/\/wings-of-hope.de\/en\/#organization"},"potentialAction":[{"@type":"SearchAction","target":{"@type":"EntryPoint","urlTemplate":"https:\/\/wings-of-hope.de\/en\/?s={search_term_string}"},"query-input":{"@type":"PropertyValueSpecification","valueRequired":true,"valueName":"search_term_string"}}],"inLanguage":"en-US"},{"@type":"Organization","@id":"https:\/\/wings-of-hope.de\/en\/#organization","name":"Stiftung Wings of Hope Deutschland","url":"https:\/\/wings-of-hope.de\/en\/","logo":{"@type":"ImageObject","inLanguage":"en-US","@id":"https:\/\/wings-of-hope.de\/en\/#\/schema\/logo\/image\/","url":"","contentUrl":"","caption":"Stiftung Wings of Hope Deutschland"},"image":{"@id":"https:\/\/wings-of-hope.de\/en\/#\/schema\/logo\/image\/"},"sameAs":["https:\/\/x.com\/wingsofhope_de","https:\/\/www.instagram.com\/wingsofhope_de\/","https:\/\/www.linkedin.com\/company\/stiftung-wings-of-hope\/","https:\/\/www.threads.net\/@wingsofhope_de"]}]}},"_links":{"self":[{"href":"https:\/\/wings-of-hope.de\/en\/wp-json\/wp\/v2\/pages\/10084","targetHints":{"allow":["GET"]}}],"collection":[{"href":"https:\/\/wings-of-hope.de\/en\/wp-json\/wp\/v2\/pages"}],"about":[{"href":"https:\/\/wings-of-hope.de\/en\/wp-json\/wp\/v2\/types\/page"}],"author":[{"embeddable":true,"href":"https:\/\/wings-of-hope.de\/en\/wp-json\/wp\/v2\/users\/1"}],"replies":[{"embeddable":true,"href":"https:\/\/wings-of-hope.de\/en\/wp-json\/wp\/v2\/comments?post=10084"}],"version-history":[{"count":11,"href":"https:\/\/wings-of-hope.de\/en\/wp-json\/wp\/v2\/pages\/10084\/revisions"}],"predecessor-version":[{"id":13693,"href":"https:\/\/wings-of-hope.de\/en\/wp-json\/wp\/v2\/pages\/10084\/revisions\/13693"}],"up":[{"embeddable":true,"href":"https:\/\/wings-of-hope.de\/en\/wp-json\/wp\/v2\/pages\/9887"}],"wp:attachment":[{"href":"https:\/\/wings-of-hope.de\/en\/wp-json\/wp\/v2\/media?parent=10084"}],"curies":[{"name":"wp","href":"https:\/\/api.w.org\/{rel}","templated":true}]}}